{"id":139,"date":"2015-01-18T22:41:06","date_gmt":"2015-01-18T22:41:06","guid":{"rendered":"http:\/\/scala-catequesis.net\/scala\/?page_id=139"},"modified":"2018-04-11T00:41:08","modified_gmt":"2018-04-11T00:41:08","slug":"iv-jornadas-de-estudio-2011","status":"publish","type":"page","link":"http:\/\/scala-catequesis.net\/scala\/jornadas-de-estudio\/iv-jornadas-de-estudio-2011\/","title":{"rendered":"IV Jornadas de Estudio &#8211; 2011"},"content":{"rendered":"<p>IV Jornadas de Estudio:\u00a0Quito (Ecuador) &#8211; 8 al 11\u00a0de agosto 2011<\/p>\n<p><em>Tema:\u00a0<strong>PALABRA DE DIOS y CATEQUESIS<\/strong><\/em><\/p>\n<p>1. <span style=\"text-decoration: underline;\"><strong>Lectura de la Biblia<\/strong><strong> hoy<\/strong><\/span>\u00a0presentado por Lauren Fern\u00e1ndez<br \/>\n&#8212; Preguntas planteadas por el expositor: \u00bfQu\u00e9 lecturas b\u00edblicas se practican en nuestro medio? (an\u00e1lisis cr\u00edtico) \u00bf C\u00f3mo aportar desde la catequesis a una lectura b\u00edblica transforamdora de la vida y constructura del Reino?<\/p>\n<p>2. <span style=\"text-decoration: underline;\"><strong>Lectura comparativa del Dei Verbum, Documento Interpretaci\u00f3n de la Biblia y Verbum Domini<\/strong><\/span>\u00a0presentado por Dr. Hosffman Ospino<br \/>\n&#8212; Preguntas planteadas por el expositor: \u00bfQu\u00e9 clase de catequesis es necesaria para mantener un balance entre los sentidos literal y espiritual de la Sagrada Escritura en las comunidades de fe? \u00bfQu\u00e9 puede hacer su Conferencia Episcopal\/Di\u00f3cesis\/Comunidad Relgiosa\/Parroquia para formar agentes catequ\u00e9ticos que sean mediadores fieles y efectivos entre el Pueblo de Dios, el Magisterio y la comunidad teol\u00f3gica encargada de estudiar la Palabra de Dios?<\/p>\n<p>3. <span style=\"text-decoration: underline;\"><strong>Lectura catequ\u00e9tica de la Exhortaci\u00f3n Apost. Verbum Domini<\/strong><\/span>\u00a0presentado por Pe. Luiz Alves de Lima &#8211; con material suplementario:PALAVRA DE DEUS NA VIDA E NA MISS\u00c3O DA IGREJA, Apresenta\u00e7\u00e3o da Exorta\u00e7\u00e3o Apost\u00f3lica Verbum Domini de Bento XVI y<br \/>\n&#8212; Preguntas planteadas por el expositor: \u00bfC\u00f3mo ser\u00eda una catequesis cuyo contenido b\u00edblico est\u00e9 \u00abplenamente impregnado por el pensamiento, el esp\u00edritu y las actitudes b\u00edblicas y evang\u00e9licas= (VD 74)? \u00bfC\u00f3mo se vive en su comunidad la relaci\u00f3n entre catequesis y liturgia? En la pr\u00e1ctica, \u00bfc\u00f3mo asume la catequesis la dimensi\u00f3n mistag\u00f3gica?<\/p>\n<p>4. <span style=\"text-decoration: underline;\"><strong>Animaci\u00f3n b\u00edblica de la Pastoral<\/strong><\/span>:\u00a0presentado por Jaime Castillo &#8211; material suplentario: Animaci\u00f3n B\u00edblica<br \/>\n&#8212; Preguntas planteadas por el expositor: En nuestro contecto postmoderno: multi\u00e9tnico y multicultural (grupos 1 y 2); tecnificado y pragm\u00e1tico (grupos 3 y 4); secularista y globalizado (grupos 5,6 y 7): \u00bfcu\u00e1l debe er el servicio de la animaci\u00f3n b\u00edblica de la pastoral? \u00bfC\u00f3mo deber\u00eda ser una catequesis nutrida por la Palabra de Dios?<\/p>\n<p><b>Estas exposiciones y el trabajo sobre las preguntas FUERON\u00a0publicados en febrero 2015 como 2\u00ba Cuaderno de SCALA (Uruguay) con el t\u00edtulo \u00abBiblia y Catequesis\u00bb. \u00a0(agotado)<\/b><\/p>\n<p>5. <span style=\"text-decoration: underline;\"><strong>Otros aportes por socios de SCALA:<\/strong><\/span><\/p>\n<p>&#8212; ANIMACI\u00d3N B\u00cdBLICA DE LA PASTORAL\u00a0por el Hno Enrique Garc\u00eda Ahumada, F.S.C.<\/p>\n<p>&#8212; BIBLIA Y Y CATEQUESIS CATEQUESIS, Experiencia humana y Palabra de Dios por Victor Acha<\/p>\n<p>&#8212; LECTURA DE LA PALABRA DE DIOS DESDE LA COMUNIDAD PARROQUIAL.\u00a0por Hermilio Cardenas<\/p>\n<p>&#8212; Educaci\u00f3n basada por competencias \u00a0y\u00a0Aprendizaje b\u00edblico por competencias: experiencias en etapa de desarrollo\u00a0por Hno. Balbino Ju\u00e1rez<\/p>\n<p>&#8211;&gt; estos art\u00edculos pueden ser consultado en <a href=\"https:\/\/scala.academia.edu\/research#catequesisybiblia\" target=\"_blank\" rel=\"noopener\">SCALA ACADEMIA<\/a><\/p>\n<p>&nbsp;<\/p>\n<p><a href=\"http:\/\/scala-catequesis.net\/scalafoto\/index.php?\/category\/2\" target=\"_blank\" rel=\"noopener\"><strong>FOTOS<\/strong><\/a><\/p>\n<p>&nbsp;<\/p>\n","protected":false},"excerpt":{"rendered":"<p>IV Jornadas de Estudio:\u00a0Quito (Ecuador) &#8211; 8 al 11\u00a0de agosto 2011 Tema:\u00a0PALABRA DE DIOS y CATEQUESIS 1. Lectura de la Biblia hoy\u00a0presentado por Lauren Fern\u00e1ndez &#8212; Preguntas planteadas por el &hellip;<\/p>\n","protected":false},"author":1,"featured_media":0,"parent":47,"menu_order":7,"comment_status":"closed","ping_status":"open","template":"","meta":{"footnotes":""},"class_list":["post-139","page","type-page","status-publish","hentry"],"_links":{"self":[{"href":"http:\/\/scala-catequesis.net\/scala\/wp-json\/wp\/v2\/pages\/139","targetHints":{"allow":["GET"]}}],"collection":[{"href":"http:\/\/scala-catequesis.net\/scala\/wp-json\/wp\/v2\/pages"}],"about":[{"href":"http:\/\/scala-catequesis.net\/scala\/wp-json\/wp\/v2\/types\/page"}],"author":[{"embeddable":true,"href":"http:\/\/scala-catequesis.net\/scala\/wp-json\/wp\/v2\/users\/1"}],"replies":[{"embeddable":true,"href":"http:\/\/scala-catequesis.net\/scala\/wp-json\/wp\/v2\/comments?post=139"}],"version-history":[{"count":8,"href":"http:\/\/scala-catequesis.net\/scala\/wp-json\/wp\/v2\/pages\/139\/revisions"}],"predecessor-version":[{"id":596,"href":"http:\/\/scala-catequesis.net\/scala\/wp-json\/wp\/v2\/pages\/139\/revisions\/596"}],"up":[{"embeddable":true,"href":"http:\/\/scala-catequesis.net\/scala\/wp-json\/wp\/v2\/pages\/47"}],"wp:attachment":[{"href":"http:\/\/scala-catequesis.net\/scala\/wp-json\/wp\/v2\/media?parent=139"}],"curies":[{"name":"wp","href":"https:\/\/api.w.org\/{rel}","templated":true}]}}